{"id":380,"date":"2015-08-18T20:34:28","date_gmt":"2015-08-18T18:34:28","guid":{"rendered":"http:\/\/admneu.union-adm.at\/?page_id=380"},"modified":"2022-11-12T13:53:45","modified_gmt":"2022-11-12T12:53:45","slug":"sektionsleiter-2","status":"publish","type":"page","link":"https:\/\/union-adm.at\/?page_id=380","title":{"rendered":"Gymnastik"},"content":{"rendered":"\n<div id=\"text-1020-0-0-2\" class=\"module module-text text-1020-0-0-2 \">\n<h1 style=\"text-align: center;\"><strong>Gymnastik<\/strong><\/h1>\n<p>&nbsp;<\/p>\n<p style=\"text-align: left;\">Die Union ADM Linz bietet Einheiten in vier verschiedenen Gymnastikbereichen an:<\/p>\n<div class=\"shortcode col4-1 first\">\n<p style=\"text-align: center;\"><strong>Fitgymnastik<\/strong><\/p>\n<p style=\"text-align: center;\">&nbsp;<\/p>\n<\/div>\n<div class=\"shortcode col4-3\">\n<p style=\"text-align: left;\">Eine ausgesucht nette Gruppe der Alterskategorie 55+ trifft sich seit vielen Jahren von Schulanfang bis Ende Mai jeden Dienstagabend ab 19 Uhr in der Turnhalle der Volksschule Biesenfeld zur Fitgymnastik. Die Mitglieder der Gruppe legen Wert auf die Erhaltung der allgemeinen Beweglichkeit und den spielerischen Umgang mit Fitness bei schwungvoller Musikbegleitung. \n<\/p>\n<p style=\"text-align: left;\">\nDer langj\u00e4hrige \u00dcbungsleiter passt sich laufend den W\u00fcnschen an einen abwechslungsreichen Ablauf der \u00dcbungen an und verwendet daf\u00fcr verschiedene Elemente der Gymnastik, kombiniert mit Ballspielen. \n<\/p>\n<p><strong>Trainingszeiten:<\/strong> Dienstag, 19:00 \u2013 20:30, VS Biesenfeld<\/p>\n<\/div>\n<p>&nbsp;<\/p>\n<div class=\"shortcode col4-1 first\">\n<p style=\"text-align: center;\"><strong>Frauengymnastik<\/strong><\/p>\n<p>&nbsp;<\/p>\n<\/div>\n<div class=\"shortcode col4-3\">\n<p>Wir Damen treffen uns jeden Dienstag in der gro\u00dfen Halle des Julius Raab Heims.<\/p>\n<p>Mit gezielten Aufw\u00e4rm-, Dehnungs und Koordinations\u00fcbungen verbessern wir unsere Kondition. Auch Spiele, die mit einbezogen werden, werden mit Freude und Begeisterung aufgenommen. Der Humor darf nat\u00fcrlich nicht zu kurz kommen!<\/p>\n<p><strong>Trainingszeiten:<\/strong> Dienstag, 09:00 \u2013 10:00, Julius Raab Halle (FG1)<\/p>\n<\/div>\n<p>&nbsp;<\/p>\n<div class=\"shortcode col4-1 first\">\n<p style=\"text-align: center;\"><strong>Funktionsgymnastik Herren<\/strong><\/p>\n<\/div>\n<div class=\"shortcode col4-3\">\n<p>Unser Programm besteht aus U\u0308bungen, welche die wichtigsten Muskelgruppen und die Abschnitte der Wirbelsa\u0308ule aufwa\u0308rmen, um Scha\u0308digungen am Bewegungsapparat zu vermeiden. Das anschlie\u00dfende Aufbautraining sta\u0308rkt die Muskulatur, macht beweglicher und verbessert die Fitness.<\/p>\n<p>Mit Gymnastik und Dehnungsu\u0308bungen wa\u0308rmen wir uns auf. \u201eKatzenbuckel\u201c, \u201eHopserlauf\u201c, \u201enach den Sternen greifen\u201c, \u201eKegelscheiben\u201c sind einige der vielen Anweisungen der sehr versierten U\u0308bungsleiter, die uns auf Touren und ins Schwitzen bringen.<\/p>\n<p><strong>Trainingszeiten:<\/strong> Montag, 18:30 \u2013 20:00, BSZ Auhof, Halle V<\/p>\n<p>&nbsp;<\/p>\n<\/div>\n<div class=\"shortcode col4-1 first\">\n<p style=\"text-align: center;\"><strong>Seniorengymnastik<\/strong><\/p>\n<p>&nbsp;<\/p>\n<\/div>\n<div class=\"shortcode col4-3\">\n<p>Nach einer Aufw\u00e4rmphase mit Spielen und Schrittkombinationen, welche auch die Koordination und das Gleichgewicht f\u00f6rdern, mobilisieren wir sanft alle Muskelpartien.<\/p>\n<p>Anschlie\u00dfend, beim Kr\u00e4ftigen, wird besonderer Wert auf die R\u00fccken- und Bauchmuskeln gelegt. Ein gezieltes und regelm\u00e4\u00dfiges Training beugt nicht nur R\u00fcckenproblemen vor, sondern lindert auch schon bestehende Schmerzen.<br>Die letzten 10 Minuten widmen wir dem Dehnen und entspannen, sodass wir mit einem gewissen Stolz und einem angenehmen Gef\u00fchl nach Hause gehen.<\/p>\n<p><strong>Trainingszeiten:<\/strong> Mittwoch, 09:00 \u2013 10:00, Julius Raab Halle (FG1)<br><span style=\"color: #ffffff;\"><strong>Trainingszeiten:<\/strong><\/span> Mittwoch, 10:00 \u2013 11:00, Julius Raab Halle (FG1)<br><span style=\"color: #ffffff;\"><strong>Trainingszeiten:<\/strong><\/span><\/p>\n<\/div><\/div>\n\n\n\n<h4 class=\"wp-block-heading\">Ihre Ansprechpartner<\/h4>\n\n\n<div class=\"loops-wrapper shortcode team grid4 team-multiple clearfix type-multiple\">\n<article id=\"team-2248\" class=\"post team-post col4-1 post-2248 team type-team status-publish has-post-thumbnail hentry team-category-sektionsleiter has-post-title has-post-date has-post-category has-post-tag has-post-comment has-post-author\">\n\t\n\t\t\t\t\t\t\t\t<figure class=\"post-image\">\n\t\t\t\t\t\t\t<img src=\"https:\/\/union-adm.at\/wp-content\/uploads\/2022\/02\/Mandlmayr-150x150.png\" width=\"150\" height=\"150\" class=\" wp-image-2269\" title=\"Mandlmayr\" alt=\"DR. MICHAEL MANDLMAYR\" \/>\t\t\t\t\t<\/figure>\n\t\t\t\n\t<div class=\"post-content\">\n\n\t\t<p class=\"team-info\">\n\n\t\t\t\t\t\t\t\t\t\t\t<span class=\"team-name\">\n\t\t\t\t\t\t\t\t\t\t\tDR. MICHAEL MANDLMAYR\t\t\t\t\t\t\t\t\t<\/span>\n\t\t\t\t\t\t\t\n\t\t\t\t\t\t\t<em class=\"team-title\">Sektionsleiter Funktionsgymnastik Herren<\/em>\n\t\t\t\n\t\t<\/p>\n\n\t\t\t\t<p class=\"team-social\">\n\t\t\t<a class=\"team-social-link\" href=\"m&#97;&#x69;&#x6c;t&#111;&#x3a;&#x6d;i&#99;&#104;&#x61;&#x65;l&#46;&#x6d;&#x61;n&#100;&#x6c;&#x6d;a&#121;&#114;&#x40;&#x67;m&#97;&#x69;&#x6c;&#46;&#99;&#x6f;&#x6d;\"><i class=\"fa fa-envelope\"><\/i> <\/a>\t\t<\/p>\n\t\t<!-- \/.team-social -->\n\t\t\n\t\t<div class=\"entry-content\">\n\t\t\t\t\t\t\t<p><span class=\"shortcode themify-icon \"><i class=\"themify-icon-icon fa fa-phone-square\" ><\/i><\/span>+43 660 9270 514<\/p>\n<p>&nbsp;<\/p>\n<div class=\"themify_builder_content-2248 themify_builder in_the_loop not_editable_builder\">\n\n<\/div>\t\t\t\t\t<\/div><!-- \/.entry-content -->\n\n\t\t\n\t\t\t<\/div>\n\t\n<\/article>\n<!-- \/ .post -->\n\n<article id=\"team-1675\" class=\"post team-post col4-1 post-1675 team type-team status-publish has-post-thumbnail hentry team-category-sektionsleiter has-post-title has-post-date has-post-category has-post-tag has-post-comment has-post-author\">\n\t\n\t\t\t\t\t\t\t\t<figure class=\"post-image\">\n\t\t\t\t\t\t\t<img src=\"https:\/\/union-adm.at\/wp-content\/uploads\/2020\/08\/Birgit-Pammer-150x150.png\" width=\"150\" height=\"150\" class=\" wp-image-2750\" title=\"Birgit Pammer\" alt=\"BIRGIT PAMMER\" \/>\t\t\t\t\t<\/figure>\n\t\t\t\n\t<div class=\"post-content\">\n\n\t\t<p class=\"team-info\">\n\n\t\t\t\t\t\t\t\t\t\t\t<span class=\"team-name\">\n\t\t\t\t\t\t\t\t\t\t\tBIRGIT PAMMER\t\t\t\t\t\t\t\t\t<\/span>\n\t\t\t\t\t\t\t\n\t\t\t\t\t\t\t<em class=\"team-title\">Sektionsleiterin<br>Frauengymnastik<br>Seniorengymnastik<\/em>\n\t\t\t\n\t\t<\/p>\n\n\t\t\t\t<p class=\"team-social\">\n\t\t\t<a class=\"team-social-link\" href=\"&#109;a&#x69;l&#x74;&#111;&#x3a;&#115;&#x65;&#110;i&#x6f;r&#x65;&#110;&#x74;&#117;&#x72;&#110;&#x65;&#110;&#64;&#x75;n&#x69;&#111;&#x6e;&#45;&#x61;&#100;m&#x2e;a&#x74;\"><i class=\"fa fa-envelope\"><\/i> <\/a>\t\t<\/p>\n\t\t<!-- \/.team-social -->\n\t\t\n\t\t<div class=\"entry-content\">\n\t\t\t\t\t\t\t<div class=\"themify_builder_content-1675 themify_builder in_the_loop not_editable_builder\">\n\n<\/div>\t\t\t\t\t<\/div><!-- \/.entry-content -->\n\n\t\t\n\t\t\t<\/div>\n\t\n<\/article>\n<!-- \/ .post -->\n\n<article id=\"team-543\" class=\"post team-post col4-1 post-543 team type-team status-publish has-post-thumbnail hentry has-post-title has-post-date has-post-category has-post-tag has-post-comment has-post-author\">\n\t\n\t\t\t\t\t\t\t\t<figure class=\"post-image\">\n\t\t\t\t\t\t\t<img src=\"https:\/\/union-adm.at\/wp-content\/uploads\/2015\/08\/franz_malzer-150x150.jpg\" width=\"150\" height=\"150\" class=\" wp-image-192\" title=\"franz_malzer\" alt=\"MAG. PHARM. FRANZ MALZER\" \/>\t\t\t\t\t<\/figure>\n\t\t\t\n\t<div class=\"post-content\">\n\n\t\t<p class=\"team-info\">\n\n\t\t\t\t\t\t\t\t\t\t\t<span class=\"team-name\">\n\t\t\t\t\t\t\t\t\t\t\tMAG. PHARM. FRANZ MALZER\t\t\t\t\t\t\t\t\t<\/span>\n\t\t\t\t\t\t\t\n\t\t\t\t\t\t\t<em class=\"team-title\">Sektionsleiter<br>Fitgymnastik<\/em>\n\t\t\t\n\t\t<\/p>\n\n\t\t\t\t<p class=\"team-social\">\n\t\t\t<a class=\"team-social-link\" href=\"&#x6d;&#x61;&#x69;&#108;&#116;o:&#x66;&#x72;&#x61;&#x6e;&#122;&#46;ma&#x6c;&#x7a;&#x65;&#114;&#64;&#117;ni&#x6f;&#x6e;&#x2d;&#97;&#100;m&#46;&#x61;&#x74;\"><i class=\"fa fa-envelope\"><\/i> <\/a>\t\t<\/p>\n\t\t<!-- \/.team-social -->\n\t\t\n\t\t<div class=\"entry-content\">\n\t\t\t\t\t\t\t<div class=\"themify_builder_content-543 themify_builder in_the_loop not_editable_builder\">\n\n<\/div>\t\t\t\t\t<\/div><!-- \/.entry-content -->\n\n\t\t\n\t\t\t<\/div>\n\t\n<\/article>\n<!-- \/ .post -->\n<\/div>\n<div id=\"themify_builder_content-380\" data-postid=\"380\" class=\"themify_builder_content themify_builder_content-380 themify_builder themify_builder_front\">\n\n\t\n\t\t\t<!-- module_row -->\n\t\t\t<div  data-gutter=\"gutter-default\" class=\"themify_builder_row themify_builder_380_row module_row module_row_0 clearfix gutter-default col_align_top\" data-equal-column-height=\"\" data-column-alignment=\"col_align_top\">\n\n\t\t\n\t\t\t\t\n\t\t\t\t<div class=\"row_inner_wrapper\">\n\t\t\t\t\t<div class=\"row_inner\">\n\n\t\t\t\t\t\t\n\t\t\t\t\t\t\n\t\t\t\t\t\t\t\n\n\t\t<div class=\"col-full first tb-column  tb_380_column module_column_0 module_column\" >\n\n\t\t\t\n\t\t\t\n\t\t\t<div class=\"tb-column-inner\">\n\n\t\t\t\t\n\t\t\t\t\n\t\t\t\t\t\n    <!-- module gallery -->\n    <div id=\"gallery-380-0-0-1\" class=\"module module-gallery gallery-380-0-0-1 gallery gallery-columns-4 layout-grid    \">\n\n                    <h3 class=\"module-title\">Impressionen von unseren Gymnastik Einheiten<\/h3>        \n            <dl class=\"gallery-item\">\n        <dt class=\"gallery-icon\">\n        <a title=\"20210623_093200\" href=\"https:\/\/union-adm.at\/wp-content\/uploads\/2022\/11\/20210623_093200.jpg\"><img src=\"https:\/\/union-adm.at\/wp-content\/uploads\/2022\/11\/20210623_093200-150x150.jpg\" class=\" wp-image-2759\" title=\"20210623_093200\" alt=\"Gymnastik\" \/><\/a>        <\/dt>\n                <dd class=\"wp-caption-text gallery-caption\">\n                                            Seniorenturnen im Julius-Raab-Heim                    <\/dd>\n    <\/dl>\n\n    \n    <dl class=\"gallery-item\">\n        <dt class=\"gallery-icon\">\n        <a title=\"20210623_093206\" href=\"https:\/\/union-adm.at\/wp-content\/uploads\/2022\/11\/20210623_093206.jpg\"><img src=\"https:\/\/union-adm.at\/wp-content\/uploads\/2022\/11\/20210623_093206-150x150.jpg\" class=\" wp-image-2760\" title=\"20210623_093206\" alt=\"Gymnastik\" \/><\/a>        <\/dt>\n                <dd class=\"wp-caption-text gallery-caption\">\n                                            Seniorenturnen im Julius-Raab-Heim                    <\/dd>\n    <\/dl>\n\n    \n    <dl class=\"gallery-item\">\n        <dt class=\"gallery-icon\">\n        <a title=\"20210623_093504 (1)\" href=\"https:\/\/union-adm.at\/wp-content\/uploads\/2022\/11\/20210623_093504-1.jpg\"><img src=\"https:\/\/union-adm.at\/wp-content\/uploads\/2022\/11\/20210623_093504-1-150x150.jpg\" class=\" wp-image-2761\" title=\"20210623_093504 (1)\" alt=\"Gymnastik\" \/><\/a>        <\/dt>\n                <dd class=\"wp-caption-text gallery-caption\">\n                                            Seniorenturnen im Julius-Raab-Heim                    <\/dd>\n    <\/dl>\n\n    \n    <dl class=\"gallery-item\">\n        <dt class=\"gallery-icon\">\n        <a title=\"20210623_093515\" href=\"https:\/\/union-adm.at\/wp-content\/uploads\/2022\/11\/20210623_093515.jpg\"><img src=\"https:\/\/union-adm.at\/wp-content\/uploads\/2022\/11\/20210623_093515-150x150.jpg\" class=\" wp-image-2762\" title=\"20210623_093515\" alt=\"Gymnastik\" \/><\/a>        <\/dt>\n                <dd class=\"wp-caption-text gallery-caption\">\n                                            Seniorenturnen im Julius-Raab-Heim                    <\/dd>\n    <\/dl>\n\n            <br style=\"clear: both\" \/>\n    \n    <dl class=\"gallery-item\">\n        <dt class=\"gallery-icon\">\n        <a title=\"admin-ajax\" href=\"https:\/\/union-adm.at\/wp-content\/uploads\/2022\/11\/admin-ajax.jpg\"><img src=\"https:\/\/union-adm.at\/wp-content\/uploads\/2022\/11\/admin-ajax-150x150.jpg\" class=\" wp-image-2763\" title=\"admin-ajax\" alt=\"Gymnastik\" \/><\/a>        <\/dt>\n                <dd class=\"wp-caption-text gallery-caption\">\n                                            Seniorenturnen im Freien                    <\/dd>\n    <\/dl>\n\n    \n<br style=\"clear: both\" \/>\n\n    <\/div>\n    <!-- \/module gallery -->\n\n\n\t\t\t\t\t<\/div>\n\t\t\t\t\t<!-- \/.tb-column-inner -->\n\t\t\t\t\t\t\t\t<\/div>\n\t\t\t<!-- \/.tb-column -->\n\t\t\n\t\t\n\n\t\t\t\t\t\t\t\t\n\t\t\t\t\t\t\t\t\n\t\t\t\t\t\t\t\n\t\t\t\t\t\t<\/div>\n\t\t\t\t\t\t<!-- \/row_inner -->\n\t\t\t\t\t<\/div>\n\t\t\t\t\t<!-- \/row_inner_wrapper -->\n\t\t\t\t<\/div>\n\t\t\t\t<!-- \/module_row -->\n\t\t\n<\/div>\n<!-- \/themify_builder_content -->","protected":false},"excerpt":{"rendered":"<p>Gymnastik &nbsp; Die Union ADM Linz bietet Einheiten in vier verschiedenen Gymnastikbereichen an: Fitgymnastik &nbsp; Eine ausgesucht nette Gruppe der Alterskategorie 55+ trifft sich seit vielen Jahren von Schulanfang bis Ende Mai jeden Dienstagabend ab 19 Uhr in der Turnhalle der Volksschule Biesenfeld zur Fitgymnastik. Die Mitglieder der Gruppe legen Wert auf die Erhaltung der [&hellip;]<\/p>\n","protected":false},"author":1,"featured_media":0,"parent":0,"menu_order":0,"comment_status":"closed","ping_status":"open","template":"","meta":[],"_links":{"self":[{"href":"https:\/\/union-adm.at\/index.php?rest_route=\/wp\/v2\/pages\/380"}],"collection":[{"href":"https:\/\/union-adm.at\/index.php?rest_route=\/wp\/v2\/pages"}],"about":[{"href":"https:\/\/union-adm.at\/index.php?rest_route=\/wp\/v2\/types\/page"}],"author":[{"embeddable":true,"href":"https:\/\/union-adm.at\/index.php?rest_route=\/wp\/v2\/users\/1"}],"replies":[{"embeddable":true,"href":"https:\/\/union-adm.at\/index.php?rest_route=%2Fwp%2Fv2%2Fcomments&post=380"}],"version-history":[{"count":27,"href":"https:\/\/union-adm.at\/index.php?rest_route=\/wp\/v2\/pages\/380\/revisions"}],"predecessor-version":[{"id":2764,"href":"https:\/\/union-adm.at\/index.php?rest_route=\/wp\/v2\/pages\/380\/revisions\/2764"}],"wp:attachment":[{"href":"https:\/\/union-adm.at\/index.php?rest_route=%2Fwp%2Fv2%2Fmedia&parent=380"}],"curies":[{"name":"wp","href":"https:\/\/api.w.org\/{rel}","templated":true}]}}