{"id":3815,"date":"2023-09-09T12:38:45","date_gmt":"2023-09-09T10:38:45","guid":{"rendered":"https:\/\/union-adm.at\/?page_id=3815"},"modified":"2023-11-19T13:30:48","modified_gmt":"2023-11-19T12:30:48","slug":"rhythmische-gymnastik-von-den-anfaengen-bis-heute","status":"publish","type":"page","link":"https:\/\/union-adm.at\/?page_id=3815","title":{"rendered":"Rhythmische Gymnastik: Von den Anf\u00e4ngen bis heute"},"content":{"rendered":"\n<p><\/p>\n\n\n\n<h2 class=\"wp-block-heading\">Moderne Gymnastik<\/h2>\n\n\n\n<p>Die Sektion wurde 1974 mit dem Titel &#8220;Moderne Gymnastik f\u00fcr M\u00e4dchen und Frauen&#8221; angeboten. Mit Hilfe von Isolde Lischka, die zu diesem Zeitpunkt als Trainerin im Union Landesverband O\u00d6 t\u00e4tig war, begann sofort eine rege Trainingsarbeit. Die hervorragende fachliche Arbeit von Fr. Lischka brachte dem Verein eine beachtliche Anzahl von Aktiven und schon im Juni 1975 konnten acht M\u00e4dchen f\u00fcr die Landesmeisterschaften in Zell\/Pram gemeldet werden. <\/p>\n\n\n\n<p>1977 schaffte erstmal eine Gymnastin die Aufnahme in den Fachverbands C-Kader und anl\u00e4sslich der Generalversammlung wird berichtet, dass \u00fcberdurchschnittlich Begabte, aus denen vor allem Jutta Strada hervorging, diesen Sport mit Begeisterung betreiben. <\/p>\n\n\n\n<h2 class=\"wp-block-heading\">Rhythmische Sportgymnastik &#8211; Leistungszentrum Linz Nord<\/h2>\n\n\n\n<p>In der Saison 1985\/86 wurde mit Beschluss des Vorstands das Leistungszentrum Linz-Nord von der Union ADM Linz und der Union Urfahr mit Sektionsleiterin und Cheftrainerin Gabriela Stummer gegr\u00fcndet. <\/p>\n\n\n\n<p>Gro\u00dfes Ziel war die Teilnahme an den Staatsmeisterschaften mit der Gruppe und im Einzel. Der erste Schritt dazu war die Erarbeitung von \u00dcbungen, die die vorgeschriebenen Schwierigkeitsgrade beinhalteten. <\/p>\n\n\n\n<p>Der Trainingsflei\u00df war ungebrochen und mit dem Betritt einiger begabter Nachwuchsgymnastinnen und mit Staatsmeisterin Elke N\u00fcrnberger von der Union Urfahr als Vorbild entwickelte sich das Leistungszentrum \u00e4u\u00dferst erfolgreich. Die Leistungstr\u00e4gerinnen waren Christina Philippi, Elisabeth Reder (vorm. Philippi), Nicole Reibel (vorm. Eigner), Barbara Stummer und Karin Hinterk\u00f6rner. Die M\u00e4dchen vertraten die Sektion im Nationalteam und bei Welt- und Europameisterschaften.  <\/p>\n\n\n\n<p>Die Gruppe war aber nicht nur international erfolgreich sondern auch ein Fixpunkt im Showprogramm der Gala Nacht des Sports und weiteren Shows und Events. <\/p>\n\n\n\n<p> <\/p>\n\n\n\n<div class=\"wp-block-media-text alignwide is-stacked-on-mobile\"><figure class=\"wp-block-media-text__media\"><img decoding=\"async\" loading=\"lazy\" width=\"873\" height=\"585\" src=\"https:\/\/union-adm.at\/wp-content\/uploads\/2023\/11\/Leistungstraegerinnen-der-90er.jpg\" alt=\"\" class=\"wp-image-4072 size-full\" srcset=\"https:\/\/union-adm.at\/wp-content\/uploads\/2023\/11\/Leistungstraegerinnen-der-90er.jpg 873w, https:\/\/union-adm.at\/wp-content\/uploads\/2023\/11\/Leistungstraegerinnen-der-90er-300x201.jpg 300w, https:\/\/union-adm.at\/wp-content\/uploads\/2023\/11\/Leistungstraegerinnen-der-90er-768x515.jpg 768w\" sizes=\"(max-width: 873px) 100vw, 873px\" \/><\/figure><div class=\"wp-block-media-text__content\">\n<p>Die Leistungstr\u00e4gerinnen der 90er Jahre vlnr.: Nicole Eigner, Barbara Stummer, Tanja Mayr, Christina und Elisabeth Philippi<\/p>\n\n\n\n<p>Mitte kniend: Trainerin und Sektionsleiterin Gabi Stummer<\/p>\n\n\n\n<p>Vorne sitzend: Monika Straka, Vera Ebner, Claudia Dreer, Kerstin Hasenleitner  <\/p>\n<\/div><\/div>\n\n\n\n<p><\/p>\n\n\n\n<div class=\"wp-block-media-text alignwide is-stacked-on-mobile\"><figure class=\"wp-block-media-text__media\"><img decoding=\"async\" loading=\"lazy\" width=\"435\" height=\"705\" src=\"https:\/\/union-adm.at\/wp-content\/uploads\/2023\/11\/Karin-Hinterkoerner.jpeg.jpg\" alt=\"\" class=\"wp-image-4071 size-full\" srcset=\"https:\/\/union-adm.at\/wp-content\/uploads\/2023\/11\/Karin-Hinterkoerner.jpeg.jpg 435w, https:\/\/union-adm.at\/wp-content\/uploads\/2023\/11\/Karin-Hinterkoerner.jpeg-185x300.jpg 185w\" sizes=\"(max-width: 435px) 100vw, 435px\" \/><\/figure><div class=\"wp-block-media-text__content\">\n<p><strong>&#8220;Flamingo&#8221; Karin Hinterk\u00f6rner<\/strong><\/p>\n\n\n\n<p>O\u00d6 und \u00d6sterreichische Juniorenmeisterin, 1991 Einberufung in den Nationalkader und Teilnahme an der Junioren EM in Lissabon und bei der WM 1993 in Br\u00fcssel im Einzel, 1993 bei der EM in Bukarest in der Gruppe. Mehrfache Landesmeiterin. <\/p>\n<\/div><\/div>\n\n\n\n<p><\/p>\n\n\n\n<div class=\"wp-block-media-text alignwide is-stacked-on-mobile\"><figure class=\"wp-block-media-text__media\"><img decoding=\"async\" loading=\"lazy\" width=\"1920\" height=\"1267\" src=\"https:\/\/union-adm.at\/wp-content\/uploads\/2023\/01\/Christina-Philippi-Rhythmic-Gymnastics-1920x1267.jpg\" alt=\"\" class=\"wp-image-2883 size-full\" srcset=\"https:\/\/union-adm.at\/wp-content\/uploads\/2023\/01\/Christina-Philippi-Rhythmic-Gymnastics-1920x1267.jpg 1920w, https:\/\/union-adm.at\/wp-content\/uploads\/2023\/01\/Christina-Philippi-Rhythmic-Gymnastics-300x198.jpg 300w, https:\/\/union-adm.at\/wp-content\/uploads\/2023\/01\/Christina-Philippi-Rhythmic-Gymnastics-768x507.jpg 768w, https:\/\/union-adm.at\/wp-content\/uploads\/2023\/01\/Christina-Philippi-Rhythmic-Gymnastics-1536x1013.jpg 1536w, https:\/\/union-adm.at\/wp-content\/uploads\/2023\/01\/Christina-Philippi-Rhythmic-Gymnastics-2048x1351.jpg 2048w\" sizes=\"(max-width: 1920px) 100vw, 1920px\" \/><\/figure><div class=\"wp-block-media-text__content\">\n<p><strong>Christina Philippi <\/strong><\/p>\n\n\n\n<p>26-fache O\u00d6 Landesmeisterin, 1991 Einberufung in den Nationalkader und Teilnahme an 5 WM und 5 EM in Rhythmischer Gymnastik und sp\u00e4ter Sportaerobic (1991 EM Lissabon, 1992 WM Br\u00fcssel, 1993 EM Bukarest, 1994 WM Paris, 1998 WM Sevilla, 2001 EM Saragossa, 2002 WM Klaipeda, 2003 EM Debrecen, 2004 WM Sofia, 2005 EM Coimbra). FICEP Europameisterin in der Gruppe.    <\/p>\n<\/div><\/div>\n\n\n\n<p><\/p>\n\n\n\n<h2 class=\"wp-block-heading\">Neue Sektionsleitung und &#8220;Rhythmische Gymnastik&#8221; <\/h2>\n\n\n\n<p>Mit der Saison 1997\/98 \u00fcbernahm Brigitte Philippi die Sektionsleitung. Ein international eingef\u00fchrter neuer Name &#8220;Rhythmische Gymnastik&#8221;, der R\u00fccktritt der bulgarischen Trainerin Diana Eigner, die Mitte der 90er von Gabi Stummer und Nachwuchstrainerin Rolande Summer \u00fcbernommen hatte, und das Karriereende fast aller Gymnastinnen erbrachte einen Umbruch und Neuanfang in der Sektion welcher durch relativ breite und kontinuierliche Nachwuchsarbeit nach dem R\u00fccktritt der &#8220;gro\u00dfen alten Damen der RG&#8221; erfolgreich fortgesetzt werden konnte. Christina Philippi stand nun als Trainerin zur Verf\u00fcgung und bald konnten mit den Mitgliedern des Nachwuchsteams mit Melanie Sipos, Lisa Lummerstorfer, Michaela Mi\u00dfbichler, Samantha Simsec, Brigitte Tischlinger und &#8220;Jungstar&#8221; Selina P\u00f6stinger erste Erfolge verbucht werden. <\/p>\n\n\n\n<p><\/p>\n\n\n\n<p>Die n\u00e4chsten Jahre sind Nina Kus, Sara Koniarek, Sophie Cellnigg, Anna Nimmervoll, Melissa Schmidt und Selina P\u00f6stinger die gro\u00dfen Aush\u00e4ngeschilder und Zugpferde der Sektion. Als eine der besten Gymnastinnen \u00d6sterreichs vertritt P\u00f6stinger die Sportunion ADM Linz bei zahlreichen Weltcups, Welt- und Europameisterschaften und f\u00e4hrt einen Staats- und 15 Vizestaatsmeistertitel ein. Ihren Karriereh\u00f6hepunkt im Einzelbewerb erlebte Selina als Sechste des Berliner Grand-Prix-Masters 2008 inmitten der Weltklasse. <\/p>\n\n\n\n<figure class=\"wp-block-image size-full\"><img decoding=\"async\" loading=\"lazy\" width=\"720\" height=\"452\" src=\"https:\/\/union-adm.at\/wp-content\/uploads\/2023\/11\/image.png\" alt=\"\" class=\"wp-image-4070\" srcset=\"https:\/\/union-adm.at\/wp-content\/uploads\/2023\/11\/image.png 720w, https:\/\/union-adm.at\/wp-content\/uploads\/2023\/11\/image-300x188.png 300w\" sizes=\"(max-width: 720px) 100vw, 720px\" \/><figcaption class=\"wp-element-caption\"><strong>Selina P\u00f6stinger: <\/strong>Jugendstaatsmeisterin 2004, 4-fache Junioren-Staatsmeisterin, 15-fache Vize-Staatsmeisterin Elite, 2010 \u00d6sterreichische Staatsmeisterin Team, 4x WM-Teilnahme (2007, 2009, 2010, 2011), 4-fache EM-Teilnahme (2007, 2008, 2009, 2010) <\/figcaption><\/figure>\n\n\n\n<p>Melissa erreicht als Teamkollegin von Selina ebenso einen Staatsmeistertitel in der Teamwertung und begleitet Selina zu den Gruppenweltmeisterschaften.<\/p>\n\n\n\n<figure class=\"wp-block-image size-full\"><img decoding=\"async\" loading=\"lazy\" width=\"359\" height=\"348\" src=\"https:\/\/union-adm.at\/wp-content\/uploads\/2023\/11\/Melissa-Schmidt.jpg\" alt=\"\" class=\"wp-image-4167\" srcset=\"https:\/\/union-adm.at\/wp-content\/uploads\/2023\/11\/Melissa-Schmidt.jpg 359w, https:\/\/union-adm.at\/wp-content\/uploads\/2023\/11\/Melissa-Schmidt-300x291.jpg 300w\" sizes=\"(max-width: 359px) 100vw, 359px\" \/><figcaption class=\"wp-element-caption\">Team-Staatsmeisterin und Teilnahme bei der Gruppen-Weltmeisterschaft: Melissa Schmidt <\/figcaption><\/figure>\n\n\n\n<p><\/p>\n\n\n\n<figure class=\"wp-block-image size-full\"><img decoding=\"async\" loading=\"lazy\" width=\"800\" height=\"450\" src=\"https:\/\/union-adm.at\/wp-content\/uploads\/2023\/11\/171268_artikeldetail-max_1Au4nT_4FtgtU.webp\" alt=\"\" class=\"wp-image-4134\" srcset=\"https:\/\/union-adm.at\/wp-content\/uploads\/2023\/11\/171268_artikeldetail-max_1Au4nT_4FtgtU.webp 800w, https:\/\/union-adm.at\/wp-content\/uploads\/2023\/11\/171268_artikeldetail-max_1Au4nT_4FtgtU-300x169.webp 300w, https:\/\/union-adm.at\/wp-content\/uploads\/2023\/11\/171268_artikeldetail-max_1Au4nT_4FtgtU-768x432.webp 768w\" sizes=\"(max-width: 800px) 100vw, 800px\" \/><figcaption class=\"wp-element-caption\">Platz 3 bei den Elite-Gruppenstaatsmeisterschaften 2009: Sophie Cellnigg, Sara Koniarek, Selina P\u00f6stinger, Melissa Schmidt, Nina Kus. <\/figcaption><\/figure>\n\n\n\n<p>Im Jahr 2009 \u00fcbernahmen die beiden Chemnitzer Annett und Ren\u00e9 Doberenz das Training in der Sektion. Die beiden Deutschen sorgten gemeinsam mit Ballett-Grande-Dame Albena Kotzeva, Silvia Hadzhieva, Elisabeth Reder und Selina P\u00f6stinger, die regelm\u00e4\u00dfig im Sommer als Trainerin zur Verf\u00fcgung steht, f\u00fcr gro\u00dfen Zuwachs in der Sektion und punkten mit soliden Leistungen auf Landes- und Bundesebene. <\/p>\n\n\n\n<figure class=\"wp-block-image size-large\"><img decoding=\"async\" loading=\"lazy\" width=\"1920\" height=\"1823\" src=\"https:\/\/union-adm.at\/wp-content\/uploads\/2022\/06\/Annett-Rene-Doberenz-Supercoach-1-1920x1823.jpg\" alt=\"\" class=\"wp-image-2450\" srcset=\"https:\/\/union-adm.at\/wp-content\/uploads\/2022\/06\/Annett-Rene-Doberenz-Supercoach-1-1920x1823.jpg 1920w, https:\/\/union-adm.at\/wp-content\/uploads\/2022\/06\/Annett-Rene-Doberenz-Supercoach-1-300x285.jpg 300w, https:\/\/union-adm.at\/wp-content\/uploads\/2022\/06\/Annett-Rene-Doberenz-Supercoach-1-768x729.jpg 768w\" sizes=\"(max-width: 1920px) 100vw, 1920px\" \/><figcaption class=\"wp-element-caption\">Annett und Ren\u00e9 Doberenz: erfolgreiches Trainerduo bei der Union ADM Linz <\/figcaption><\/figure>\n\n\n\n<p>Die Aush\u00e4ngeschilder der n\u00e4chsten Jahre sind Yasmin Doberenz, Laura Hannl, Carina und Simone Xanthopoulos, Michelle Buchhas, Tuja Munkh und Nicole Enzenhofer, die sogar in den Nationalkader berufen wurde. Sowie ab 2017 Stella Bernau, Iris Voitleitner (ebenso in den Nationalkader berufen) oder Caroline Lettner.     <\/p>\n\n\n\n<figure class=\"wp-block-image size-full\"><img decoding=\"async\" loading=\"lazy\" width=\"370\" height=\"232\" src=\"https:\/\/union-adm.at\/wp-content\/uploads\/2023\/11\/Carina-Xanthopoulos.jpg\" alt=\"\" class=\"wp-image-4111\" srcset=\"https:\/\/union-adm.at\/wp-content\/uploads\/2023\/11\/Carina-Xanthopoulos.jpg 370w, https:\/\/union-adm.at\/wp-content\/uploads\/2023\/11\/Carina-Xanthopoulos-300x188.jpg 300w\" sizes=\"(max-width: 370px) 100vw, 370px\" \/><figcaption class=\"wp-element-caption\">Carina Xanthopoulos, Nachwuchstalent und Landesmeisterin <\/figcaption><\/figure>\n\n\n\n<figure class=\"wp-block-image size-full\"><img decoding=\"async\" loading=\"lazy\" width=\"313\" height=\"247\" src=\"https:\/\/union-adm.at\/wp-content\/uploads\/2023\/11\/Nicole-Enzenhofer.jpg\" alt=\"\" class=\"wp-image-4138\" srcset=\"https:\/\/union-adm.at\/wp-content\/uploads\/2023\/11\/Nicole-Enzenhofer.jpg 313w, https:\/\/union-adm.at\/wp-content\/uploads\/2023\/11\/Nicole-Enzenhofer-300x237.jpg 300w\" sizes=\"(max-width: 313px) 100vw, 313px\" \/><figcaption class=\"wp-element-caption\">Nicole Enzenhofer, Nachwuchstalent, zahlreiche Landesmeistertitel, Mitglied im Nationalteam der Rhythmischen Gymnastik und Europameisterschaftsteilnahme <\/figcaption><\/figure>\n\n\n\n<p><strong>Linzer Stadtmeisterschaften in Rhythmischer Gymnastik<\/strong><br>Jedes Jahr im M\u00e4rz von 2008 &#8211; 2019 veranstaltete die Sportunion ADM die Linzer Stadtmeisterschaften im Sommerhaus Linz.<\/p>\n\n\n\n<figure class=\"wp-block-image size-large\"><img decoding=\"async\" loading=\"lazy\" width=\"1440\" height=\"1920\" src=\"https:\/\/union-adm.at\/wp-content\/uploads\/2023\/11\/Stadtmeisterschaft-1440x1920.jpg\" alt=\"\" class=\"wp-image-4084\" srcset=\"https:\/\/union-adm.at\/wp-content\/uploads\/2023\/11\/Stadtmeisterschaft-1440x1920.jpg 1440w, https:\/\/union-adm.at\/wp-content\/uploads\/2023\/11\/Stadtmeisterschaft-225x300.jpg 225w, https:\/\/union-adm.at\/wp-content\/uploads\/2023\/11\/Stadtmeisterschaft-768x1024.jpg 768w, https:\/\/union-adm.at\/wp-content\/uploads\/2023\/11\/Stadtmeisterschaft-1152x1536.jpg 1152w, https:\/\/union-adm.at\/wp-content\/uploads\/2023\/11\/Stadtmeisterschaft.jpg 1536w\" sizes=\"(max-width: 1440px) 100vw, 1440px\" \/><figcaption class=\"wp-element-caption\">Die j\u00e4hrliche Stadtmeisterschaft im Julius-Raab-Heim<\/figcaption><\/figure>\n\n\n\n<p><strong>Die aktuellen Aush\u00e4ngeschilder der Sektion Rhythmische Gymnastik: <\/strong><\/p>\n\n\n\n<figure class=\"wp-block-image size-full\"><img decoding=\"async\" loading=\"lazy\" width=\"1599\" height=\"1599\" src=\"https:\/\/union-adm.at\/wp-content\/uploads\/2023\/11\/image-1.png\" alt=\"\" class=\"wp-image-4073\" srcset=\"https:\/\/union-adm.at\/wp-content\/uploads\/2023\/11\/image-1.png 1599w, https:\/\/union-adm.at\/wp-content\/uploads\/2023\/11\/image-1-300x300.png 300w, https:\/\/union-adm.at\/wp-content\/uploads\/2023\/11\/image-1-150x150.png 150w, https:\/\/union-adm.at\/wp-content\/uploads\/2023\/11\/image-1-768x768.png 768w, https:\/\/union-adm.at\/wp-content\/uploads\/2023\/11\/image-1-1536x1536.png 1536w\" sizes=\"(max-width: 1599px) 100vw, 1599px\" \/><figcaption class=\"wp-element-caption\">Rang 1 bei den Gruppenlandesmeisterschaften 2023: Voitleitner Iris, Bernau Stella, Lettner Katharina, Herler Sophia, K\u00f6hler Mira, Doberenz Yasmin<\/figcaption><\/figure>\n\n\n\n<figure class=\"wp-block-image size-full\"><img decoding=\"async\" loading=\"lazy\" width=\"900\" height=\"1600\" src=\"https:\/\/union-adm.at\/wp-content\/uploads\/2023\/11\/image-2.png\" alt=\"\" class=\"wp-image-4074\" srcset=\"https:\/\/union-adm.at\/wp-content\/uploads\/2023\/11\/image-2.png 900w, https:\/\/union-adm.at\/wp-content\/uploads\/2023\/11\/image-2-169x300.png 169w, https:\/\/union-adm.at\/wp-content\/uploads\/2023\/11\/image-2-768x1365.png 768w, https:\/\/union-adm.at\/wp-content\/uploads\/2023\/11\/image-2-864x1536.png 864w\" sizes=\"(max-width: 900px) 100vw, 900px\" \/><\/figure>\n\n\n\n<p>Erfolge auch im Nachwuchs: Ebenso Rang 1 f\u00fcr Lettner Caroline, Ibragimova Mislina, Fleischanderl Emma, R\u00f6bl Ines, Hofmann-Gst\u00f6ttner Madeleine<\/p>\n<div id=\"themify_builder_content-3815\" data-postid=\"3815\" class=\"themify_builder_content themify_builder_content-3815 themify_builder themify_builder_front\">\n\n\t<\/div>\n<!-- \/themify_builder_content -->","protected":false},"excerpt":{"rendered":"<p>Moderne Gymnastik Die Sektion wurde 1974 mit dem Titel &#8220;Moderne Gymnastik f\u00fcr M\u00e4dchen und Frauen&#8221; angeboten. Mit Hilfe von Isolde Lischka, die zu diesem Zeitpunkt als Trainerin im Union Landesverband O\u00d6 t\u00e4tig war, begann sofort eine rege Trainingsarbeit. Die hervorragende fachliche Arbeit von Fr. Lischka brachte dem Verein eine beachtliche Anzahl von Aktiven und schon [&hellip;]<\/p>\n","protected":false},"author":10,"featured_media":0,"parent":0,"menu_order":0,"comment_status":"closed","ping_status":"closed","template":"","meta":[],"_links":{"self":[{"href":"https:\/\/union-adm.at\/index.php?rest_route=\/wp\/v2\/pages\/3815"}],"collection":[{"href":"https:\/\/union-adm.at\/index.php?rest_route=\/wp\/v2\/pages"}],"about":[{"href":"https:\/\/union-adm.at\/index.php?rest_route=\/wp\/v2\/types\/page"}],"author":[{"embeddable":true,"href":"https:\/\/union-adm.at\/index.php?rest_route=\/wp\/v2\/users\/10"}],"replies":[{"embeddable":true,"href":"https:\/\/union-adm.at\/index.php?rest_route=%2Fwp%2Fv2%2Fcomments&post=3815"}],"version-history":[{"count":44,"href":"https:\/\/union-adm.at\/index.php?rest_route=\/wp\/v2\/pages\/3815\/revisions"}],"predecessor-version":[{"id":4170,"href":"https:\/\/union-adm.at\/index.php?rest_route=\/wp\/v2\/pages\/3815\/revisions\/4170"}],"wp:attachment":[{"href":"https:\/\/union-adm.at\/index.php?rest_route=%2Fwp%2Fv2%2Fmedia&parent=3815"}],"curies":[{"name":"wp","href":"https:\/\/api.w.org\/{rel}","templated":true}]}}